{"version":"1.0","provider_name":"Promens R\u00f5ngu AS","provider_url":"https:\/\/www.promens.ee\/et","author_name":"Maarja-Liis Taul","author_url":"https:\/\/www.promens.ee\/et\/author\/maarja-liis\/","title":"Kaks mahukat koost\u00f6\u00f6projekti \u00fclikoolidega on edukalt l\u00f5ppenud! &#8226; Promens R\u00f5ngu AS","type":"rich","width":600,"height":338,"html":"<blockquote class=\"wp-embedded-content\" data-secret=\"FXOFvBqTGh\"><a href=\"https:\/\/www.promens.ee\/et\/kaks-mahukat-koostooprojekti-ulikoolidega-on-edukalt-loppenud\/\">Kaks mahukat koost\u00f6\u00f6projekti \u00fclikoolidega on edukalt l\u00f5ppenud!<\/a><\/blockquote><iframe sandbox=\"allow-scripts\" security=\"restricted\" src=\"https:\/\/www.promens.ee\/et\/kaks-mahukat-koostooprojekti-ulikoolidega-on-edukalt-loppenud\/embed\/#?secret=FXOFvBqTGh\" width=\"600\" height=\"338\" title=\"&#8220;Kaks mahukat koost\u00f6\u00f6projekti \u00fclikoolidega on edukalt l\u00f5ppenud!&#8221; &#8212; Promens R\u00f5ngu AS\" data-secret=\"FXOFvBqTGh\" frameborder=\"0\" marginwidth=\"0\" marginheight=\"0\" scrolling=\"no\" class=\"wp-embedded-content\"><\/iframe><script>\n\/*! This file is auto-generated *\/\n!function(d,l){\"use strict\";l.querySelector&&d.addEventListener&&\"undefined\"!=typeof URL&&(d.wp=d.wp||{},d.wp.receiveEmbedMessage||(d.wp.receiveEmbedMessage=function(e){var t=e.data;if((t||t.secret||t.message||t.value)&&!\/[^a-zA-Z0-9]\/.test(t.secret)){for(var s,r,n,a=l.querySelectorAll('iframe[data-secret=\"'+t.secret+'\"]'),o=l.querySelectorAll('blockquote[data-secret=\"'+t.secret+'\"]'),c=new RegExp(\"^https?:$\",\"i\"),i=0;i<o.length;i++)o[i].style.display=\"none\";for(i=0;i<a.length;i++)s=a[i],e.source===s.contentWindow&&(s.removeAttribute(\"style\"),\"height\"===t.message?(1e3<(r=parseInt(t.value,10))?r=1e3:~~r<200&&(r=200),s.height=r):\"link\"===t.message&&(r=new URL(s.getAttribute(\"src\")),n=new URL(t.value),c.test(n.protocol))&&n.host===r.host&&l.activeElement===s&&(d.top.location.href=t.value))}},d.addEventListener(\"message\",d.wp.receiveEmbedMessage,!1),l.addEventListener(\"DOMContentLoaded\",function(){for(var e,t,s=l.querySelectorAll(\"iframe.wp-embedded-content\"),r=0;r<s.length;r++)(t=(e=s[r]).getAttribute(\"data-secret\"))||(t=Math.random().toString(36).substring(2,12),e.src+=\"#?secret=\"+t,e.setAttribute(\"data-secret\",t)),e.contentWindow.postMessage({message:\"ready\",secret:t},\"*\")},!1)))}(window,document);\n\/\/# sourceURL=https:\/\/www.promens.ee\/wp-includes\/js\/wp-embed.min.js\n<\/script>\n","description":"Reedel, 9.01.2026 j\u00f5udsid v\u00e4\u00e4rika l\u00f5puni kaks sisukat ja meie jaoks v\u00e4ga olulist koost\u00f6\u00f6projekti Eesti \u00fclikoolidega. Projektid pakkusid v\u00e4\u00e4rtuslikku anal\u00fc\u00fcsi, praktilisi soovitusi ja v\u00e4rskeid vaatenurki, mis aitavad meil edasi liikuda veelgi teadlikumalt ja s\u00fcsteemsemalt. Tallinn University toimunud kutsepraktika tulemuste esitlemisel k\u00f5las eriti tunnustav tagasiside ka koost\u00f6\u00f6partneritelt. Meil on hea meel jagada tsitaati Fontes Talent Advisory juhatuse [&hellip;]","thumbnail_url":"https:\/\/www.promens.ee\/wp-content\/uploads\/2026\/01\/TLU-logo-pilt-vrv-suur-1.jpg","thumbnail_width":840,"thumbnail_height":323}